{"id":27158,"date":"2021-04-21T16:25:24","date_gmt":"2021-04-21T14:25:24","guid":{"rendered":"https:\/\/lespiculins.com\/sob-medida\/"},"modified":"2021-04-21T17:06:06","modified_gmt":"2021-04-21T15:06:06","slug":"sob-medida","status":"publish","type":"page","link":"https:\/\/lespiculins.com\/pt-pt\/sob-medida\/","title":{"rendered":"sob medida"},"content":{"rendered":"<section class=\"wpb-content-wrapper\"><section class=\"l-section wpb_row height_medium\"><div class=\"l-section-h i-cf\"><div class=\"g-cols vc_row via_flex valign_top type_default stacking_default\"><div class=\"vc_col-sm-12 wpb_column vc_column_container\"><div class=\"vc_column-inner\"><div class=\"wpb_wrapper\"><div class=\"wpb_text_column\"><div class=\"wpb_wrapper\"><h1 style=\"text-align: center;\">sob medida<\/h1>\n<p style=\"text-align: center;\">Na <a href=\"https:\/\/lespiculins.com\/pt-pt\/\">Les Piculins fazemos<\/a> todo o tipo de acess\u00f3rios personalizados para carrinhos de beb\u00e9, como sacos personalizados e<strong> capas para diferentes modelos de carrinhos de beb\u00e9, acess\u00f3rios personalizados feitos \u00e0 m\u00e3o e tradicionalmente&#8230; <\/strong> <\/p>\n<p style=\"text-align: center;\">Se n\u00e3o consegue encontrar o que procura no nosso cat\u00e1logo <a href=\"https:\/\/lespiculins.com\/pt-pt\/loja\/\">de cole\u00e7\u00f5es online,<\/a>conte-nos a sua ideia e n\u00f3s ajudamo-lo a faz\u00ea-lo acontecer. Porque na nossa oficina n\u00e3o temos todos os modelos de carrinhos, por favor contacte-nos se tivermos o seu. Se n\u00e3o o tivermos na nossa oficina, tamb\u00e9m pode enviar-nos o seu carrinho para fazer o seu pedido.<\/p>\n<\/div><\/div><\/div><\/div><\/div><\/div><\/div><\/section><section class=\"l-section wpb_row us_custom_ba8e023c height_medium\"><div class=\"l-section-h i-cf\"><div class=\"g-cols vc_row via_flex valign_top type_default stacking_default\"><div class=\"vc_col-sm-6 wpb_column vc_column_container\"><div class=\"vc_column-inner\"><div class=\"wpb_wrapper\"><div class=\"wpb_text_column\"><div class=\"wpb_wrapper\"><h4 style=\"text-align: center;\">Encomendas Personalizadas<\/h4>\n<p>Tudo isto e muito mais podemos fazer por si:<\/p>\n<ul>\n<li style=\"text-align: left;\"><strong>Fazemos casos personalizados para carrinhos de beb\u00e9<\/strong><\/li>\n<li style=\"text-align: left;\">Fazemos <strong>sacos de beb\u00ea personalizados<\/strong><\/li>\n<li>Desenhamos <strong>conjuntos personalizados para o seu carrinho,<\/strong>compostos de bolsa, caixa de coc\u00f3, saqueta de beb\u00e9, almofada anti-rolo&#8230;<\/li>\n<li>Se gostas dos nossos sacos de maternidade, precisas de, talegas&#8230; mas gostaria de faz\u00ea-lo em outro tecido especial ou impresso, escrever-nos e vamos moldar a sua ideia.<\/li>\n<\/ul>\n<\/div><\/div><\/div><\/div><\/div><div class=\"vc_col-sm-6 wpb_column vc_column_container\"><div class=\"vc_column-inner\"><div class=\"wpb_wrapper\"><div class=\"w-image align_none\"><div class=\"w-image-h\"><img decoding=\"async\" width=\"1000\" height=\"800\" src=\"https:\/\/lespiculins.com\/wp-content\/uploads\/2021\/01\/Encargos-a-medida--1024x819.png\" class=\"attachment-large size-large\" alt=\"\" srcset=\"https:\/\/lespiculins.com\/wp-content\/uploads\/2021\/01\/Encargos-a-medida--1024x819.png 1024w, https:\/\/lespiculins.com\/wp-content\/uploads\/2021\/01\/Encargos-a-medida--300x240.png 300w, https:\/\/lespiculins.com\/wp-content\/uploads\/2021\/01\/Encargos-a-medida--600x480.png 600w, https:\/\/lespiculins.com\/wp-content\/uploads\/2021\/01\/Encargos-a-medida--e1611161832962.png 800w\" sizes=\"(max-width: 1000px) 100vw, 1000px\" \/><\/div><\/div><\/div><\/div><\/div><\/div><\/div><\/section><section class=\"l-section wpb_row height_medium\"><div class=\"l-section-h i-cf\"><div class=\"g-cols vc_row via_flex valign_top type_default stacking_default\"><div class=\"vc_col-sm-4 wpb_column vc_column_container\"><div class=\"vc_column-inner\"><div class=\"wpb_wrapper\"><div class=\"w-iconbox iconpos_top style_outlined color_primary align_center no_title no_text\"><div class=\"w-iconbox-icon\" style=\"font-size:2rem;\"><i class=\"far fa-fas fa-heart\"><\/i><\/div><div class=\"w-iconbox-meta\"><\/div><\/div><div class=\"w-separator size_small\"><\/div><div class=\"wpb_text_column\"><div class=\"wpb_wrapper\"><h4 style=\"text-align: center;\">Paix\u00e3o em cada projeto<\/h4>\n<p style=\"text-align: center;\">Investimos todo o nosso amor em tornar as suas ideias realidade, para obter resultados que se apaixonem.<\/p>\n<\/div><\/div><\/div><\/div><\/div><div class=\"vc_col-sm-4 wpb_column vc_column_container\"><div class=\"vc_column-inner\"><div class=\"wpb_wrapper\"><div class=\"w-iconbox iconpos_top style_outlined color_primary align_center no_title no_text\"><div class=\"w-iconbox-icon\" style=\"font-size:2rem;\"><i class=\"far fa-fal fa-check\"><\/i><\/div><div class=\"w-iconbox-meta\"><\/div><\/div><div class=\"w-separator size_small\"><\/div><div class=\"wpb_text_column\"><div class=\"wpb_wrapper\"><h4 style=\"text-align: center;\">experi\u00eancia profissional<\/h4>\n<p style=\"text-align: center;\">Iremos aconselh\u00e1-lo profissionalmente, com base na nossa experi\u00eancia em outros projetos personalizados.<\/p>\n<\/div><\/div><\/div><\/div><\/div><div class=\"vc_col-sm-4 wpb_column vc_column_container\"><div class=\"vc_column-inner\"><div class=\"wpb_wrapper\"><div class=\"w-iconbox iconpos_top style_outlined color_primary align_center no_title no_text\"><div class=\"w-iconbox-icon\" style=\"font-size:2rem;\"><i class=\"far fa-fas fa-sparkles\"><\/i><\/div><div class=\"w-iconbox-meta\"><\/div><\/div><div class=\"w-separator size_small\"><\/div><div class=\"wpb_text_column\"><div class=\"wpb_wrapper\"><h4 style=\"text-align: center;\">criatividade<\/h4>\n<p style=\"text-align: center;\">Faremos da sua ideia uma realidade, oferecendo o nosso ponto de vista mais criativo e original para torn\u00e1-la uma ordem \u00fanica.<\/p>\n<\/div><\/div><\/div><\/div><\/div><\/div><\/div><\/section><section class=\"l-section wpb_row height_medium\"><div class=\"l-section-h i-cf\"><div class=\"g-cols vc_row via_flex valign_top type_default stacking_default\"><div class=\"vc_col-sm-12 wpb_column vc_column_container\"><div class=\"vc_column-inner\"><div class=\"wpb_wrapper\"><div class=\"wpb_text_column\"><div class=\"wpb_wrapper\"><h3 style=\"text-align: center;\">Diga-nos o que tem em mente.<\/h3>\n<\/div><\/div><div class=\"wpb_text_column\"><div class=\"wpb_wrapper\"><p style=\"text-align: center;\">Uma impress\u00e3o que tira o seu sono, um tipo espec\u00edfico de tecido&#8230; Pode escrever-nos um e-mail, <a href=\"mailto:info@lespiculins.com\">info@lespiculins.com<\/a> ou ligar-nos para <a class=\"w-text-h\" href=\"tel:+34744609446\"> <i class=\"far fa-phone\"><\/i> <span class=\"w-text-value\">o telefone +34 744 60 94 46<\/span> <\/p>\n<p><\/a><\/p>\n<\/div><\/div><div class=\"w-btn-wrapper align_center\"><a class=\"w-btn us-btn-style_1\" href=\"https:\/\/lespiculins.com\/pt-pt\/contacto\/\"><span class=\"w-btn-label\">Contacte-nos<\/span><\/a><\/div><\/div><\/div><\/div><\/div><\/div><\/section>\n<\/section>","protected":false},"excerpt":{"rendered":"sob medida Na Les Piculins fazemos todo o tipo de acess\u00f3rios personalizados para carrinhos de beb\u00e9, como sacos personalizados e capas para diferentes modelos de carrinhos de beb\u00e9, acess\u00f3rios personalizados feitos \u00e0 m\u00e3o e tradicionalmente&#8230; Se n\u00e3o consegue encontrar o que procura no nosso cat\u00e1logo de cole\u00e7\u00f5es online,conte-nos a sua ideia e n\u00f3s ajudamo-lo a...","protected":false},"author":3,"featured_media":0,"parent":0,"menu_order":0,"comment_status":"closed","ping_status":"closed","template":"","meta":{"footnotes":"","_joinchat":[]},"yoast_head":"<!-- This site is optimized with the Yoast SEO plugin v21.5 - https:\/\/yoast.com\/wordpress\/plugins\/seo\/ -->\n<title>Acess\u00f3rios, acess\u00f3rios e | de carrinhos de beb\u00e9 Os Piculins<\/title>\n<meta name=\"description\" content=\"Fazemos artesanato todo o tipo de acess\u00f3rios para carrinhos de beb\u00e9, acess\u00f3rios para carrinhos: sacos de carrinhos, sacos e caixas para beb\u00e9s...\" \/>\n<meta name=\"robots\" content=\"index, follow, max-snippet:-1, max-image-preview:large, max-video-preview:-1\" \/>\n<link rel=\"canonical\" href=\"https:\/\/lespiculins.com\/pt-pt\/sob-medida\/\" \/>\n<meta property=\"og:locale\" content=\"pt_PT\" \/>\n<meta property=\"og:type\" content=\"article\" \/>\n<meta property=\"og:title\" content=\"Acess\u00f3rios, acess\u00f3rios e | de carrinhos de beb\u00e9 Os Piculins\" \/>\n<meta property=\"og:description\" content=\"Fazemos artesanato todo o tipo de acess\u00f3rios para carrinhos de beb\u00e9, acess\u00f3rios para carrinhos: sacos de carrinhos, sacos e caixas para beb\u00e9s...\" \/>\n<meta property=\"og:url\" content=\"https:\/\/lespiculins.com\/pt-pt\/sob-medida\/\" \/>\n<meta property=\"og:site_name\" content=\"Les Piculins\" \/>\n<meta property=\"article:modified_time\" content=\"2021-04-21T15:06:06+00:00\" \/>\n<meta name=\"twitter:card\" content=\"summary_large_image\" \/>\n<meta name=\"twitter:label1\" content=\"Tempo estimado de leitura\" \/>\n\t<meta name=\"twitter:data1\" content=\"2 minutos\" \/>\n<script type=\"application\/ld+json\" class=\"yoast-schema-graph\">{\"@context\":\"https:\/\/schema.org\",\"@graph\":[{\"@type\":\"WebPage\",\"@id\":\"https:\/\/lespiculins.com\/pt-pt\/sob-medida\/\",\"url\":\"https:\/\/lespiculins.com\/pt-pt\/sob-medida\/\",\"name\":\"Acess\u00f3rios, acess\u00f3rios e | de carrinhos de beb\u00e9 Os Piculins\",\"isPartOf\":{\"@id\":\"https:\/\/lespiculins.com\/pt-pt\/#website\"},\"datePublished\":\"2021-04-21T14:25:24+00:00\",\"dateModified\":\"2021-04-21T15:06:06+00:00\",\"description\":\"Fazemos artesanato todo o tipo de acess\u00f3rios para carrinhos de beb\u00e9, acess\u00f3rios para carrinhos: sacos de carrinhos, sacos e caixas para beb\u00e9s...\",\"breadcrumb\":{\"@id\":\"https:\/\/lespiculins.com\/pt-pt\/sob-medida\/#breadcrumb\"},\"inLanguage\":\"pt-PT\",\"potentialAction\":[{\"@type\":\"ReadAction\",\"target\":[\"https:\/\/lespiculins.com\/pt-pt\/sob-medida\/\"]}]},{\"@type\":\"BreadcrumbList\",\"@id\":\"https:\/\/lespiculins.com\/pt-pt\/sob-medida\/#breadcrumb\",\"itemListElement\":[{\"@type\":\"ListItem\",\"position\":1,\"name\":\"Portada\",\"item\":\"https:\/\/lespiculins.com\/pt-pt\/inicio\/\"},{\"@type\":\"ListItem\",\"position\":2,\"name\":\"sob medida\"}]},{\"@type\":\"WebSite\",\"@id\":\"https:\/\/lespiculins.com\/pt-pt\/#website\",\"url\":\"https:\/\/lespiculins.com\/pt-pt\/\",\"name\":\"Les Piculins\",\"description\":\"Fundas para carritos, bugaboo, maclaren, icoo, bebecar, mima...\",\"potentialAction\":[{\"@type\":\"SearchAction\",\"target\":{\"@type\":\"EntryPoint\",\"urlTemplate\":\"https:\/\/lespiculins.com\/pt-pt\/?s={search_term_string}\"},\"query-input\":\"required name=search_term_string\"}],\"inLanguage\":\"pt-PT\"}]}<\/script>\n<!-- \/ Yoast SEO plugin. -->","yoast_head_json":{"title":"Acess\u00f3rios, acess\u00f3rios e | de carrinhos de beb\u00e9 Os Piculins","description":"Fazemos artesanato todo o tipo de acess\u00f3rios para carrinhos de beb\u00e9, acess\u00f3rios para carrinhos: sacos de carrinhos, sacos e caixas para beb\u00e9s...","robots":{"index":"index","follow":"follow","max-snippet":"max-snippet:-1","max-image-preview":"max-image-preview:large","max-video-preview":"max-video-preview:-1"},"canonical":"https:\/\/lespiculins.com\/pt-pt\/sob-medida\/","og_locale":"pt_PT","og_type":"article","og_title":"Acess\u00f3rios, acess\u00f3rios e | de carrinhos de beb\u00e9 Os Piculins","og_description":"Fazemos artesanato todo o tipo de acess\u00f3rios para carrinhos de beb\u00e9, acess\u00f3rios para carrinhos: sacos de carrinhos, sacos e caixas para beb\u00e9s...","og_url":"https:\/\/lespiculins.com\/pt-pt\/sob-medida\/","og_site_name":"Les Piculins","article_modified_time":"2021-04-21T15:06:06+00:00","twitter_card":"summary_large_image","twitter_misc":{"Tempo estimado de leitura":"2 minutos"},"schema":{"@context":"https:\/\/schema.org","@graph":[{"@type":"WebPage","@id":"https:\/\/lespiculins.com\/pt-pt\/sob-medida\/","url":"https:\/\/lespiculins.com\/pt-pt\/sob-medida\/","name":"Acess\u00f3rios, acess\u00f3rios e | de carrinhos de beb\u00e9 Os Piculins","isPartOf":{"@id":"https:\/\/lespiculins.com\/pt-pt\/#website"},"datePublished":"2021-04-21T14:25:24+00:00","dateModified":"2021-04-21T15:06:06+00:00","description":"Fazemos artesanato todo o tipo de acess\u00f3rios para carrinhos de beb\u00e9, acess\u00f3rios para carrinhos: sacos de carrinhos, sacos e caixas para beb\u00e9s...","breadcrumb":{"@id":"https:\/\/lespiculins.com\/pt-pt\/sob-medida\/#breadcrumb"},"inLanguage":"pt-PT","potentialAction":[{"@type":"ReadAction","target":["https:\/\/lespiculins.com\/pt-pt\/sob-medida\/"]}]},{"@type":"BreadcrumbList","@id":"https:\/\/lespiculins.com\/pt-pt\/sob-medida\/#breadcrumb","itemListElement":[{"@type":"ListItem","position":1,"name":"Portada","item":"https:\/\/lespiculins.com\/pt-pt\/inicio\/"},{"@type":"ListItem","position":2,"name":"sob medida"}]},{"@type":"WebSite","@id":"https:\/\/lespiculins.com\/pt-pt\/#website","url":"https:\/\/lespiculins.com\/pt-pt\/","name":"Les Piculins","description":"Fundas para carritos, bugaboo, maclaren, icoo, bebecar, mima...","potentialAction":[{"@type":"SearchAction","target":{"@type":"EntryPoint","urlTemplate":"https:\/\/lespiculins.com\/pt-pt\/?s={search_term_string}"},"query-input":"required name=search_term_string"}],"inLanguage":"pt-PT"}]}},"_links":{"self":[{"href":"https:\/\/lespiculins.com\/pt-pt\/wp-json\/wp\/v2\/pages\/27158"}],"collection":[{"href":"https:\/\/lespiculins.com\/pt-pt\/wp-json\/wp\/v2\/pages"}],"about":[{"href":"https:\/\/lespiculins.com\/pt-pt\/wp-json\/wp\/v2\/types\/page"}],"author":[{"embeddable":true,"href":"https:\/\/lespiculins.com\/pt-pt\/wp-json\/wp\/v2\/users\/3"}],"replies":[{"embeddable":true,"href":"https:\/\/lespiculins.com\/pt-pt\/wp-json\/wp\/v2\/comments?post=27158"}],"version-history":[{"count":9,"href":"https:\/\/lespiculins.com\/pt-pt\/wp-json\/wp\/v2\/pages\/27158\/revisions"}],"predecessor-version":[{"id":27208,"href":"https:\/\/lespiculins.com\/pt-pt\/wp-json\/wp\/v2\/pages\/27158\/revisions\/27208"}],"wp:attachment":[{"href":"https:\/\/lespiculins.com\/pt-pt\/wp-json\/wp\/v2\/media?parent=27158"}],"curies":[{"name":"wp","href":"https:\/\/api.w.org\/{rel}","templated":true}]}}